{"id":18001,"date":"2016-03-17T14:15:45","date_gmt":"2016-03-17T14:15:45","guid":{"rendered":"https:\/\/pafritas.es\/tienda\/piment-despelette\/"},"modified":"2023-03-30T08:43:44","modified_gmt":"2023-03-30T08:43:44","slug":"piment-despelette","status":"publish","type":"product","link":"https:\/\/pafritas.es\/fr\/boutique\/piment-despelette\/","title":{"rendered":"Piment D\u00b4Espelette"},"content":{"rendered":"","protected":false},"excerpt":{"rendered":"<p>Vous aimez essayer de nouvelles sensations \u00a0maintenant vous pouvez profiter du merveilleux piment d\u00b4 Espelette et de nos \u00a0d\u00e9licieux \u00a0PAFRITAS, le r\u00e9sultat, simplement spectaculaire.<\/p>\n<p>Ce poivre\u00a0 cultiv\u00e9 dans la r\u00e9gion int\u00e9rieure d\u00b4Espelette au pays basque \u00a0Fran\u00e7ais \u00a0est connu au monde entier pour son ar\u00f4me caract\u00e9ristique et sa touche \u00a0\u00e9pic\u00e9e qui le \u00a0rend unique.<\/p>\n<p>Riche en vitamine C, B6 y K, il contient \u00a0des propri\u00e9t\u00e9s \u00a0antiseptiques y antioxydants, ce qui \u00a0nous prot\u00e8gent des maladies cardiovasculaires et certains cancers, tr\u00e8s b\u00e9n\u00e9fiques \u00a0pour \u00a0notre \u00a0syst\u00e8me \u00a0immunitaire.<\/p>\n","protected":false},"featured_media":18002,"comment_status":"open","ping_status":"closed","template":"","meta":[],"product_brand":[],"product_cat":[549],"product_tag":[],"class_list":{"0":"post-18001","1":"product","2":"type-product","3":"status-publish","4":"has-post-thumbnail","6":"product_cat-pommes-de-terre-sautees","8":"first","9":"instock","10":"shipping-taxable","11":"purchasable","12":"product-type-variable","13":"has-default-attributes"},"yoast_head":"<!-- This site is optimized with the Yoast SEO plugin v25.0 - https:\/\/yoast.com\/wordpress\/plugins\/seo\/ -->\n<title>Piment D\u00b4Espelette - Pafritas<\/title>\n<meta name=\"robots\" content=\"index, follow, max-snippet:-1, max-image-preview:large, max-video-preview:-1\" \/>\n<link rel=\"canonical\" href=\"https:\/\/pafritas.es\/fr\/boutique\/piment-despelette\/\" \/>\n<meta property=\"og:locale\" content=\"fr_FR\" \/>\n<meta property=\"og:type\" content=\"article\" \/>\n<meta property=\"og:title\" content=\"Piment D\u00b4Espelette - Pafritas\" \/>\n<meta property=\"og:description\" content=\"Vous aimez essayer de nouvelles sensations \u00a0maintenant vous pouvez profiter du merveilleux piment d\u00b4 Espelette et de nos \u00a0d\u00e9licieux \u00a0PAFRITAS, le r\u00e9sultat, simplement spectaculaire.  Ce poivre\u00a0 cultiv\u00e9 dans la r\u00e9gion int\u00e9rieure d\u00b4Espelette au pays basque \u00a0Fran\u00e7ais \u00a0est connu au monde entier pour son ar\u00f4me caract\u00e9ristique et sa touche \u00a0\u00e9pic\u00e9e qui le \u00a0rend unique.  Riche en vitamine C, B6 y K, il contient \u00a0des propri\u00e9t\u00e9s \u00a0antiseptiques y antioxydants, ce qui \u00a0nous prot\u00e8gent des maladies cardiovasculaires et certains cancers, tr\u00e8s b\u00e9n\u00e9fiques \u00a0pour \u00a0notre \u00a0syst\u00e8me \u00a0immunitaire.\" \/>\n<meta property=\"og:url\" content=\"https:\/\/pafritas.es\/fr\/boutique\/piment-despelette\/\" \/>\n<meta property=\"og:site_name\" content=\"Pafritas: Patatas fritas artesanales\" \/>\n<meta property=\"article:publisher\" content=\"https:\/\/www.facebook.com\/pafritasartesano\" \/>\n<meta property=\"article:modified_time\" content=\"2023-03-30T08:43:44+00:00\" \/>\n<meta property=\"og:image\" content=\"https:\/\/pafritas.es\/wp-content\/uploads\/2019\/11\/ImagenProductos_Tavola-disegno-1-copia-9.jpg\" \/>\n\t<meta property=\"og:image:width\" content=\"900\" \/>\n\t<meta property=\"og:image:height\" content=\"900\" \/>\n\t<meta property=\"og:image:type\" content=\"image\/jpeg\" \/>\n<meta name=\"twitter:card\" content=\"summary_large_image\" \/>\n<meta name=\"twitter:site\" content=\"@Pafritas\" \/>\n<script type=\"application\/ld+json\" class=\"yoast-schema-graph\">{\"@context\":\"https:\/\/schema.org\",\"@graph\":[{\"@type\":\"WebPage\",\"@id\":\"https:\/\/pafritas.es\/fr\/boutique\/piment-despelette\/\",\"url\":\"https:\/\/pafritas.es\/fr\/boutique\/piment-despelette\/\",\"name\":\"Piment D\u00b4Espelette - Pafritas\",\"isPartOf\":{\"@id\":\"https:\/\/pafritas.es\/fr\/#website\"},\"primaryImageOfPage\":{\"@id\":\"https:\/\/pafritas.es\/fr\/boutique\/piment-despelette\/#primaryimage\"},\"image\":{\"@id\":\"https:\/\/pafritas.es\/fr\/boutique\/piment-despelette\/#primaryimage\"},\"thumbnailUrl\":\"https:\/\/pafritas.es\/wp-content\/uploads\/2019\/11\/ImagenProductos_Tavola-disegno-1-copia-9.jpg\",\"datePublished\":\"2016-03-17T14:15:45+00:00\",\"dateModified\":\"2023-03-30T08:43:44+00:00\",\"breadcrumb\":{\"@id\":\"https:\/\/pafritas.es\/fr\/boutique\/piment-despelette\/#breadcrumb\"},\"inLanguage\":\"fr-FR\",\"potentialAction\":[{\"@type\":\"ReadAction\",\"target\":[\"https:\/\/pafritas.es\/fr\/boutique\/piment-despelette\/\"]}]},{\"@type\":\"ImageObject\",\"inLanguage\":\"fr-FR\",\"@id\":\"https:\/\/pafritas.es\/fr\/boutique\/piment-despelette\/#primaryimage\",\"url\":\"https:\/\/pafritas.es\/wp-content\/uploads\/2019\/11\/ImagenProductos_Tavola-disegno-1-copia-9.jpg\",\"contentUrl\":\"https:\/\/pafritas.es\/wp-content\/uploads\/2019\/11\/ImagenProductos_Tavola-disegno-1-copia-9.jpg\",\"width\":900,\"height\":900},{\"@type\":\"BreadcrumbList\",\"@id\":\"https:\/\/pafritas.es\/fr\/boutique\/piment-despelette\/#breadcrumb\",\"itemListElement\":[{\"@type\":\"ListItem\",\"position\":1,\"name\":\"Portada\",\"item\":\"https:\/\/pafritas.es\/fr\/\"},{\"@type\":\"ListItem\",\"position\":2,\"name\":\"Produits\",\"item\":\"https:\/\/pafritas.es\/fr\/shop\/\"},{\"@type\":\"ListItem\",\"position\":3,\"name\":\"Piment D\u00b4Espelette\"}]},{\"@type\":\"WebSite\",\"@id\":\"https:\/\/pafritas.es\/fr\/#website\",\"url\":\"https:\/\/pafritas.es\/fr\/\",\"name\":\"Pafritas: Patatas fritas artesanales\",\"description\":\"Garantia de calidad\",\"publisher\":{\"@id\":\"https:\/\/pafritas.es\/fr\/#organization\"},\"potentialAction\":[{\"@type\":\"SearchAction\",\"target\":{\"@type\":\"EntryPoint\",\"urlTemplate\":\"https:\/\/pafritas.es\/fr\/?s={search_term_string}\"},\"query-input\":{\"@type\":\"PropertyValueSpecification\",\"valueRequired\":true,\"valueName\":\"search_term_string\"}}],\"inLanguage\":\"fr-FR\"},{\"@type\":\"Organization\",\"@id\":\"https:\/\/pafritas.es\/fr\/#organization\",\"name\":\"Pafritas\",\"url\":\"https:\/\/pafritas.es\/fr\/\",\"logo\":{\"@type\":\"ImageObject\",\"inLanguage\":\"fr-FR\",\"@id\":\"https:\/\/pafritas.es\/fr\/#\/schema\/logo\/image\/\",\"url\":\"https:\/\/pafritas.es\/wp-content\/uploads\/2013\/10\/Logotipo_Pafritas_Patatas_fritas_de_calidad-2.png\",\"contentUrl\":\"https:\/\/pafritas.es\/wp-content\/uploads\/2013\/10\/Logotipo_Pafritas_Patatas_fritas_de_calidad-2.png\",\"width\":155,\"height\":57,\"caption\":\"Pafritas\"},\"image\":{\"@id\":\"https:\/\/pafritas.es\/fr\/#\/schema\/logo\/image\/\"},\"sameAs\":[\"https:\/\/www.facebook.com\/pafritasartesano\",\"https:\/\/x.com\/Pafritas\",\"https:\/\/www.instagram.com\/pafritas_artesano\/\"]}]}<\/script>\n<!-- \/ Yoast SEO plugin. -->","yoast_head_json":{"title":"Piment D\u00b4Espelette - Pafritas","robots":{"index":"index","follow":"follow","max-snippet":"max-snippet:-1","max-image-preview":"max-image-preview:large","max-video-preview":"max-video-preview:-1"},"canonical":"https:\/\/pafritas.es\/fr\/boutique\/piment-despelette\/","og_locale":"fr_FR","og_type":"article","og_title":"Piment D\u00b4Espelette - Pafritas","og_description":"Vous aimez essayer de nouvelles sensations \u00a0maintenant vous pouvez profiter du merveilleux piment d\u00b4 Espelette et de nos \u00a0d\u00e9licieux \u00a0PAFRITAS, le r\u00e9sultat, simplement spectaculaire.  Ce poivre\u00a0 cultiv\u00e9 dans la r\u00e9gion int\u00e9rieure d\u00b4Espelette au pays basque \u00a0Fran\u00e7ais \u00a0est connu au monde entier pour son ar\u00f4me caract\u00e9ristique et sa touche \u00a0\u00e9pic\u00e9e qui le \u00a0rend unique.  Riche en vitamine C, B6 y K, il contient \u00a0des propri\u00e9t\u00e9s \u00a0antiseptiques y antioxydants, ce qui \u00a0nous prot\u00e8gent des maladies cardiovasculaires et certains cancers, tr\u00e8s b\u00e9n\u00e9fiques \u00a0pour \u00a0notre \u00a0syst\u00e8me \u00a0immunitaire.","og_url":"https:\/\/pafritas.es\/fr\/boutique\/piment-despelette\/","og_site_name":"Pafritas: Patatas fritas artesanales","article_publisher":"https:\/\/www.facebook.com\/pafritasartesano","article_modified_time":"2023-03-30T08:43:44+00:00","og_image":[{"width":900,"height":900,"url":"https:\/\/pafritas.es\/wp-content\/uploads\/2019\/11\/ImagenProductos_Tavola-disegno-1-copia-9.jpg","type":"image\/jpeg"}],"twitter_card":"summary_large_image","twitter_site":"@Pafritas","schema":{"@context":"https:\/\/schema.org","@graph":[{"@type":"WebPage","@id":"https:\/\/pafritas.es\/fr\/boutique\/piment-despelette\/","url":"https:\/\/pafritas.es\/fr\/boutique\/piment-despelette\/","name":"Piment D\u00b4Espelette - Pafritas","isPartOf":{"@id":"https:\/\/pafritas.es\/fr\/#website"},"primaryImageOfPage":{"@id":"https:\/\/pafritas.es\/fr\/boutique\/piment-despelette\/#primaryimage"},"image":{"@id":"https:\/\/pafritas.es\/fr\/boutique\/piment-despelette\/#primaryimage"},"thumbnailUrl":"https:\/\/pafritas.es\/wp-content\/uploads\/2019\/11\/ImagenProductos_Tavola-disegno-1-copia-9.jpg","datePublished":"2016-03-17T14:15:45+00:00","dateModified":"2023-03-30T08:43:44+00:00","breadcrumb":{"@id":"https:\/\/pafritas.es\/fr\/boutique\/piment-despelette\/#breadcrumb"},"inLanguage":"fr-FR","potentialAction":[{"@type":"ReadAction","target":["https:\/\/pafritas.es\/fr\/boutique\/piment-despelette\/"]}]},{"@type":"ImageObject","inLanguage":"fr-FR","@id":"https:\/\/pafritas.es\/fr\/boutique\/piment-despelette\/#primaryimage","url":"https:\/\/pafritas.es\/wp-content\/uploads\/2019\/11\/ImagenProductos_Tavola-disegno-1-copia-9.jpg","contentUrl":"https:\/\/pafritas.es\/wp-content\/uploads\/2019\/11\/ImagenProductos_Tavola-disegno-1-copia-9.jpg","width":900,"height":900},{"@type":"BreadcrumbList","@id":"https:\/\/pafritas.es\/fr\/boutique\/piment-despelette\/#breadcrumb","itemListElement":[{"@type":"ListItem","position":1,"name":"Portada","item":"https:\/\/pafritas.es\/fr\/"},{"@type":"ListItem","position":2,"name":"Produits","item":"https:\/\/pafritas.es\/fr\/shop\/"},{"@type":"ListItem","position":3,"name":"Piment D\u00b4Espelette"}]},{"@type":"WebSite","@id":"https:\/\/pafritas.es\/fr\/#website","url":"https:\/\/pafritas.es\/fr\/","name":"Pafritas: Patatas fritas artesanales","description":"Garantia de calidad","publisher":{"@id":"https:\/\/pafritas.es\/fr\/#organization"},"potentialAction":[{"@type":"SearchAction","target":{"@type":"EntryPoint","urlTemplate":"https:\/\/pafritas.es\/fr\/?s={search_term_string}"},"query-input":{"@type":"PropertyValueSpecification","valueRequired":true,"valueName":"search_term_string"}}],"inLanguage":"fr-FR"},{"@type":"Organization","@id":"https:\/\/pafritas.es\/fr\/#organization","name":"Pafritas","url":"https:\/\/pafritas.es\/fr\/","logo":{"@type":"ImageObject","inLanguage":"fr-FR","@id":"https:\/\/pafritas.es\/fr\/#\/schema\/logo\/image\/","url":"https:\/\/pafritas.es\/wp-content\/uploads\/2013\/10\/Logotipo_Pafritas_Patatas_fritas_de_calidad-2.png","contentUrl":"https:\/\/pafritas.es\/wp-content\/uploads\/2013\/10\/Logotipo_Pafritas_Patatas_fritas_de_calidad-2.png","width":155,"height":57,"caption":"Pafritas"},"image":{"@id":"https:\/\/pafritas.es\/fr\/#\/schema\/logo\/image\/"},"sameAs":["https:\/\/www.facebook.com\/pafritasartesano","https:\/\/x.com\/Pafritas","https:\/\/www.instagram.com\/pafritas_artesano\/"]}]}},"_links":{"self":[{"href":"https:\/\/pafritas.es\/fr\/wp-json\/wp\/v2\/product\/18001","targetHints":{"allow":["GET"]}}],"collection":[{"href":"https:\/\/pafritas.es\/fr\/wp-json\/wp\/v2\/product"}],"about":[{"href":"https:\/\/pafritas.es\/fr\/wp-json\/wp\/v2\/types\/product"}],"replies":[{"embeddable":true,"href":"https:\/\/pafritas.es\/fr\/wp-json\/wp\/v2\/comments?post=18001"}],"wp:featuredmedia":[{"embeddable":true,"href":"https:\/\/pafritas.es\/fr\/wp-json\/wp\/v2\/media\/18002"}],"wp:attachment":[{"href":"https:\/\/pafritas.es\/fr\/wp-json\/wp\/v2\/media?parent=18001"}],"wp:term":[{"taxonomy":"product_brand","embeddable":true,"href":"https:\/\/pafritas.es\/fr\/wp-json\/wp\/v2\/product_brand?post=18001"},{"taxonomy":"product_cat","embeddable":true,"href":"https:\/\/pafritas.es\/fr\/wp-json\/wp\/v2\/product_cat?post=18001"},{"taxonomy":"product_tag","embeddable":true,"href":"https:\/\/pafritas.es\/fr\/wp-json\/wp\/v2\/product_tag?post=18001"}],"curies":[{"name":"wp","href":"https:\/\/api.w.org\/{rel}","templated":true}]}}